{"id":1686,"date":"2021-01-28T14:20:58","date_gmt":"2021-01-28T13:20:58","guid":{"rendered":"http:\/\/www.hdebalzac.fr\/?page_id=1686"},"modified":"2025-08-28T10:40:54","modified_gmt":"2025-08-28T08:40:54","slug":"formalites-administratives","status":"publish","type":"page","link":"https:\/\/www.hdebalzac.fr\/index.php\/formalites-administratives\/","title":{"rendered":"Formalit\u00e9s administratives"},"content":{"rendered":"\t\t<div data-elementor-type=\"wp-page\" data-elementor-id=\"1686\" class=\"elementor elementor-1686\">\n\t\t\t\t\t\t<section class=\"elementor-section elementor-top-section elementor-element elementor-element-6bd95011 elementor-section-full_width elementor-section-height-default elementor-section-height-default\" data-id=\"6bd95011\" data-element_type=\"section\" data-e-type=\"section\" data-settings=\"{&quot;background_background&quot;:&quot;classic&quot;}\">\n\t\t\t\t\t\t<div class=\"elementor-container elementor-column-gap-default\">\n\t\t\t\t\t<div class=\"elementor-column elementor-col-100 elementor-top-column elementor-element elementor-element-1478fe19\" data-id=\"1478fe19\" data-element_type=\"column\" data-e-type=\"column\">\n\t\t\t<div class=\"elementor-widget-wrap elementor-element-populated\">\n\t\t\t\t\t\t<div class=\"elementor-element elementor-element-f46f296 elementor-widget elementor-widget-heading\" data-id=\"f46f296\" data-element_type=\"widget\" data-e-type=\"widget\" data-widget_type=\"heading.default\">\n\t\t\t\t<div class=\"elementor-widget-container\">\n\t\t\t\t\t<h2 class=\"elementor-heading-title elementor-size-large\">Formalit\u00e9s administratives<\/h2>\t\t\t\t<\/div>\n\t\t\t\t<\/div>\n\t\t\t\t<div class=\"elementor-element elementor-element-47f26e34 elementor-widget elementor-widget-eael-adv-accordion\" data-id=\"47f26e34\" data-element_type=\"widget\" data-e-type=\"widget\" data-widget_type=\"eael-adv-accordion.default\">\n\t\t\t\t<div class=\"elementor-widget-container\">\n\t\t\t\t\t            <div class=\"eael-adv-accordion\" id=\"eael-adv-accordion-47f26e34\" data-scroll-on-click=\"no\" data-scroll-speed=\"300\" data-accordion-id=\"47f26e34\" data-accordion-type=\"accordion\" data-toogle-speed=\"300\">\n            <div class=\"eael-accordion-list\">\n\t\t\t\t\t<div id=\"aides-et-rglements\" class=\"elementor-tab-title eael-accordion-header\" tabindex=\"0\" data-tab=\"1\" aria-controls=\"elementor-tab-content-1201\"><span class=\"eael-advanced-accordion-icon-closed\"><i aria-hidden=\"true\" class=\"fa-accordion-icon fas fa-plus\"><\/i><\/span><span class=\"eael-advanced-accordion-icon-opened\"><i aria-hidden=\"true\" class=\"fa-accordion-icon fas fa-minus\"><\/i><\/span><h2 class=\"eael-accordion-tab-title\">Aides et r\u00e9glements<\/h2><i aria-hidden=\"true\" class=\"fa-toggle fas fa-angle-right\"><\/i><\/div><div id=\"elementor-tab-content-1201\" class=\"eael-accordion-content clearfix\" data-tab=\"1\" aria-labelledby=\"aides-et-rglements\"><h2><strong>Bourses nationales d\u2019\u00e9tude et Fonds Social Lyc\u00e9en (FSL) pour l\u2019enseignement secondaire<\/strong><\/h2><p>Les \u00e9l\u00e8ves de notre \u00e9tablissement peuvent b\u00e9n\u00e9ficier de bourses nationales.<\/p><div><p>Tous les \u00e9l\u00e8ves et m\u00eame ceux d\u00e9j\u00e0 boursiers doivent faire un dossier de bourses aupr\u00e8s du service des bourses de l\u2019\u00e9tablissement d\u2019accueil (contact : Mme Celine PINOS).<\/p><h2><strong>Fonds R\u00e9gional d\u2019Aide \u00e0 la Restauration (FRAR)<\/strong><\/h2><p>Une partie du montant de la demi-pension peut \u00eatre prise en charge par la r\u00e9gion au titre du Fonds R\u00e9gional d\u2019Aide \u00e0 la Restauration sous conditions de ressources. Un formulaire de demande est \u00e0 retirer aupr\u00e8s de l&rsquo;\u00e9tablissement.<\/p><h2><strong>Proposition de pr\u00e9l\u00e8vement<\/strong><\/h2><p>Afin de vous offrir un meilleur service, l\u2019\u00e9tablissement vous propose le paiement par\u00a0<span style=\"color: #0000ff\"><strong>pr\u00e9l\u00e8vement automatique, mensuel ou trimestriel<\/strong>.<\/span><\/p><p>(estimation ann\u00e9e scolaire\/9 chaque mois OU montant facture\/3 chaque trimestre)<\/p><p>Cette formule vous permet d\u2019\u00e9taler vos paiements sur l\u2019ann\u00e9e scolaire.<\/p><p>Pour b\u00e9n\u00e9ficier du pr\u00e9l\u00e8vement automatique, il vous suffit de remplir le formulaire joint dans le dossier d&rsquo;inscription, et de le retourner \u00e0 l\u2019agent comptable du lyc\u00e9e, accompagn\u00e9 <span style=\"text-decoration: underline\">d\u2019un\u00a0<strong>relev\u00e9 d\u2019identit\u00e9<\/strong>\u00a0<strong>bancaire<\/strong><\/span>\u00a0et<span style=\"text-decoration: underline\"><strong> d\u2019une\u00a0enveloppe timbr\u00e9e<\/strong><\/span>.<\/p><p>La date unique de pr\u00e9l\u00e8vement est fix\u00e9e le 25 du mois, merci de retourner l\u2019autorisation avant le 25 septembre 2025. (d\u00e9lais mise en placement + interbancaire). Apr\u00e8s cette date aucune demande ne sera prise en compte.<\/p><p>La mise en placement de cette formule ne doit pas entra\u00eener de frais bancaires.<\/p><p>Un \u00e9ch\u00e9ancier vous sera envoy\u00e9.<\/p><p>Nous attirons votre attention\u00a0sur le fait qu\u2019en cas de rejet de pr\u00e9l\u00e8vement\u00a0:<\/p><ul><li>les frais de rejet sont enti\u00e8rement \u00e0 votre charge,<\/li><li>l\u2019\u00e9ch\u00e9ance rejet\u00e9e augment\u00e9e des frais de rejet est \u00e0 r\u00e9gler par ch\u00e8que ou esp\u00e8ces.<\/li><\/ul><h3>Retrouver toutes ses informations et plus sur le site du minist\u00e8re : <span style=\"color: #0000ff\"><a style=\"color: #0000ff\" href=\"https:\/\/draaf.occitanie.agriculture.gouv.fr\/les-bourses-nationales-d-etudes-de-l-enseignement-secondaire-a301.html\" target=\"_blank\" rel=\"noopener\">Les bourses nationales d\u2019\u00e9tudes de l\u2019enseignement secondaire<\/a><\/span><\/h3><\/div><\/div>\n\t\t\t\t\t<\/div><div class=\"eael-accordion-list\">\n\t\t\t\t\t<div id=\"inscription-en-3-me\" class=\"elementor-tab-title eael-accordion-header\" tabindex=\"0\" data-tab=\"2\" aria-controls=\"elementor-tab-content-1202\"><span class=\"eael-advanced-accordion-icon-closed\"><i aria-hidden=\"true\" class=\"fa-accordion-icon fas fa-plus\"><\/i><\/span><span class=\"eael-advanced-accordion-icon-opened\"><i aria-hidden=\"true\" class=\"fa-accordion-icon fas fa-minus\"><\/i><\/span><h2 class=\"eael-accordion-tab-title\">Inscription en 3 \u00e8me<\/h2><i aria-hidden=\"true\" class=\"fa-toggle fas fa-angle-right\"><\/i><\/div><div id=\"elementor-tab-content-1202\" class=\"eael-accordion-content clearfix\" data-tab=\"2\" aria-labelledby=\"inscription-en-3-me\"><p>\u00c0 compter de la r\u00e9ception du r\u00e9sultat d\u2019affectation, le lyc\u00e9e prendra contact avec vous pour vous informer.<br \/>Les nouveaux \u00e9l\u00e8ves de 3\u00e8me EADP et leurs parents sont attendus , <strong><span style=\"color: #ff0000\">le jeudi 03 juillet 2025 :<br \/>&#8211;&gt; de 09h00 \u00e0 16h00 pour le retour des dossiers d&rsquo;inscription.<br \/><\/span><\/strong><strong><span style=\"color: #ff0000\">&#8211;&gt; \u00e0 09h00 &#8211; R\u00e9union de rencontre avec le professeur principal\u00a0<\/span><\/strong><\/p><p><strong><u>LISTE DES PI\u00c8CES \u00c0 FOURNIR<\/u><\/strong><u> le jeudi 03 juillet 2025<\/u><\/p><ul><li><strong><u>Vie scolaire<\/u> :<\/strong><ul><li><strong>L\u2019EXEAT<\/strong> remis par l\u2019\u00e9tablissement pr\u00e9c\u00e9dent (pour les secondes ou nouvel arrivant)<\/li><li>La photocopie d&rsquo;un justificatif d&rsquo;identit\u00e9 (<em>carte d\u2019identit\u00e9 ou passeport de l\u2019\u00e9l\u00e8ve<\/em>)<\/li><li>Une <strong>attestation d&rsquo;assurance<\/strong> pour votre enfant (<em>Responsabilit\u00e9 Civile<\/em>) \u00e0 demander \u00e0 votre assureur pour l\u2019ann\u00e9e scolaire en cours<\/li><li>Les photocopies des dipl\u00f4mes et autres attestations (<em>dispenses- MDPH- ASSR1<\/em>)<\/li><li>La d\u00e9claration de candidature des parents aux diff\u00e9rents conseils<\/li><li>Le coupon r\u00e9ponse \u00e0 la proposition d\u2019adh\u00e9sion \u00e0 l \u2019ALESA, \u00e0 l&rsquo;AS.<\/li><\/ul><\/li><\/ul><ul><li><strong><u>Dossier infirmerie<\/u> :<\/strong><\/li><\/ul><ul><li style=\"list-style-type: none\"><ul><li>La fiche sant\u00e9<\/li><li>La fiche d\u2019urgence (recto) et l\u2019autorisation de soins (verso) sign\u00e9es par le responsable<\/li><li>La photocopie de l&rsquo;attestation d&rsquo;immatriculation \u00e0 la S\u00e9curit\u00e9 sociale ou MSA<\/li><li>Justificatif obligatoire des vaccinations \u00e0 jour (avec le nom de l\u2019\u00e9l\u00e8ve sur la copie)<\/li><li><strong>Pour les internes :<\/strong>\u00a0la photocopie de la mutuelle<\/li><\/ul><\/li><\/ul><ul><li><strong><u>Intendance :<\/u> \u00a0<\/strong><\/li><\/ul><ul><li style=\"list-style-type: none\"><ul><li>Dossier de bourses + Annexe 1<\/li><li>Engagement financier<\/li><li><span style=\"color: #000000\">L&rsquo;autorisation de pr\u00e9l\u00e8vement automatique, remplie et sign\u00e9e <\/span>+ 1 RIB (Engagement financier)<\/li><li>L\u2019IBAN (ex RIB) <strong>du responsable l\u00e9gal, <\/strong><em>m\u00eame si vous n\u2019avez pas opt\u00e9 pour le pr\u00e9l\u00e8vement automatique<\/em><\/li><\/ul><\/li><\/ul><\/div>\n\t\t\t\t\t<\/div><div class=\"eael-accordion-list\">\n\t\t\t\t\t<div id=\"inscription-en-seconde\" class=\"elementor-tab-title eael-accordion-header\" tabindex=\"0\" data-tab=\"3\" aria-controls=\"elementor-tab-content-1203\"><span class=\"eael-advanced-accordion-icon-closed\"><i aria-hidden=\"true\" class=\"fa-accordion-icon fas fa-plus\"><\/i><\/span><span class=\"eael-advanced-accordion-icon-opened\"><i aria-hidden=\"true\" class=\"fa-accordion-icon fas fa-minus\"><\/i><\/span><h2 class=\"eael-accordion-tab-title\">Inscription en seconde<\/h2><i aria-hidden=\"true\" class=\"fa-toggle fas fa-angle-right\"><\/i><\/div><div id=\"elementor-tab-content-1203\" class=\"eael-accordion-content clearfix\" data-tab=\"3\" aria-labelledby=\"inscription-en-seconde\"><p><strong>Nos formations sont hors carte scolaire et sont accessibles d\u00e8s le 1er v\u0153u sans d\u00e9rogation.<\/strong><\/p><p>A compter de la r\u00e9ception du r\u00e9sultat d\u2019affectation, le lyc\u00e9e prendra contact avec vous pour vous informer.<br \/>Les nouveaux \u00e9l\u00e8ves et leurs parents sont attendus pour les formations <span style=\"text-decoration: underline\">Bac Pro Conduite de Productions Horticoles, Bac Pro Technicien Conseil Vente Univers Jardinerie, 3\u00e8me de l&rsquo;enseignement agricole, 2nde G\u00e9n\u00e9rale et Technologique<\/span> <strong><span style=\"color: #ff0000\">les 02 et 03\u00a0 juillet 2025.<\/span><\/strong><\/p><p><strong><span style=\"color: #ff0000\">Une r\u00e9union de rencontre<\/span><span style=\"color: #ff0000\"> avec le professeur principal :<\/span><\/strong><\/p><p><strong><span style=\"color: #ff0000\">&#8211;&gt; Le mercredi 02 juillet\u00a0<br \/><\/span><\/strong><strong><span style=\"color: #ff0000\">\u00a0 \u00a0 \u00a0 \u00a0&#8211; seconde CPH \u00e0 10h00<br \/>\u00a0 \u00a0 \u00a0 \u00a0&#8211; seconde LCQ \u00e0 10h00<br \/>\u00a0 \u00a0 \u00a0 \u00a0&#8211; seconde PIPAC \u00e0 14h00<\/span><\/strong><\/p><p><strong><span style=\"color: #ff0000\">&#8211;&gt; Le jeudi 03 juillet\u00a0<br \/>\u00a0 \u00a0 \u00a0 \u00a0&#8211; seconde TCVUJ : 09h15-1015 \/ 10h15-11h15 \/ 11h15-12h15<br \/><\/span><\/strong><strong><span style=\"color: #ff0000\">\u00a0 \u00a0 \u00a0 \u00a0&#8211; seconde GT EATDD \u00e0 14h00<\/span><\/strong><\/p><p><strong><u>LISTE DES PIECES \u00c0 FOURNIR<\/u><\/strong><u> le mardi 02 juillet 2025<\/u><\/p><ul><li><strong><u>Vie scolaire<\/u><\/strong>:<ul><li><strong>L\u2019EXEAT<\/strong> remis par l\u2019\u00e9tablissement pr\u00e9c\u00e9dent (pour les secondes ou nouvel arrivant)<\/li><li>La photocopie d&rsquo;un justificatif d&rsquo;identit\u00e9 (<em>carte d\u2019identit\u00e9 ou passeport de l\u2019\u00e9l\u00e8ve<\/em>)<\/li><li>Une <strong>attestation d&rsquo;assurance<\/strong> pour votre enfant (<em>Responsabilit\u00e9 Civile<\/em>) \u00e0 demander \u00e0 votre assureur pour l\u2019ann\u00e9e scolaire en cours<\/li><li>Les photocopies des dipl\u00f4mes et autres attestations (<em>dispenses- MDPH- ASSR2-journ\u00e9e d\u2019appel- jugement mineur \u00e9mancip\u00e9\u2026<\/em>)<\/li><li>La d\u00e9claration de candidature des parents aux diff\u00e9rents conseils<\/li><li>Le coupon r\u00e9ponse \u00e0 la proposition d\u2019adh\u00e9sion \u00e0 l \u2019ALESA.<\/li><\/ul><\/li><\/ul><ul><li><strong><u>Dossier infirmerie<\/u> :\u00a0<\/strong><\/li><\/ul><ul><li style=\"list-style-type: none\"><ul><li>La fiche sant\u00e9<\/li><li>La fiche d\u2019urgence (recto) et l\u2019autorisation de soins (verso) sign\u00e9es par le responsable<\/li><li>La photocopie de l&rsquo;attestation d&rsquo;immatriculation \u00e0 la S\u00e9curit\u00e9 Sociale ou MSA<\/li><li>Justificatif obligatoire des vaccinations \u00e0 jour (avec le nom de l\u2019\u00e9l\u00e8ve sur la copie)<\/li><li><strong>Pour les internes<\/strong>: la photocopie de la mutuelle<\/li><\/ul><\/li><\/ul><ul><li><strong><strong><u>Intendance :\u00a0<\/u> \u00a0<\/strong><\/strong><ul><li>Dossier de bourses + Annexe 1<\/li><li>Engagement financier<\/li><li>L&rsquo;autorisation de pr\u00e9l\u00e8vement automatique, remplie et sign\u00e9e\u00a0+ 1 RIB<\/li><li>L\u2019IBAN (ex RIB)\u00a0<strong>du responsable l\u00e9gal,\u00a0<\/strong><em>m\u00eame si vous n\u2019avez pas opt\u00e9 pour le pr\u00e9l\u00e8vement automatique<\/em><\/li><\/ul><\/li><\/ul><ul><li><b><u>Fournitures scolaires:<\/u><\/b><ul><li><a href=\"https:\/\/www.hdebalzac.fr\/wp-content\/uploads\/2025\/06\/LISTE-MATERIEL-SCIENCES-2025.pdf\"><span style=\"color: #0000ff\">Secondes g\u00e9n\u00e9rales et Professionnelle &#8211; mati\u00e8res scientifiques<\/span><\/a><\/li><\/ul><\/li><li style=\"list-style-type: none\">\u00a0<\/li><\/ul><p><em>\u00a0<\/em><\/p><p><strong><em>ENSEIGNEMENT FACULTATIF \u201cHippologie-\u00e9quitation\u201d accessible aux \u00e9l\u00e8ves s\u2019inscrivant en seconde g\u00e9n\u00e9rale.<\/em><\/strong><\/p><p>Apr\u00e8s la troisi\u00e8me :<\/p><p>Les familles peuvent demander :<\/p><ul><li>une\u00a0<strong>seconde g\u00e9n\u00e9rale et technologique<\/strong><\/li><li>une\u00a0<strong>seconde professionnelle <\/strong>de bac pro en trois ans<\/li><li>une\u00a0<strong>premi\u00e8re ann\u00e9e de\u00a0CAP<\/strong><\/li><li>le\u00a0<strong>redoublement\u00a0<\/strong>de la troisi\u00e8me<\/li><\/ul><p>En fin de troisi\u00e8me, le conseil de classe examine les v\u0153ux formul\u00e9s par ordre de priorit\u00e9 par la famille de l\u2019\u00e9l\u00e8ve et propose une orientation. Il peut aussi donner un avis sur les enseignements ou sp\u00e9cialit\u00e9s professionnelles choisis par l\u2019\u00e9l\u00e8ve au lyc\u00e9e.<\/p><p><strong>Attention<\/strong>\u00a0: la d\u00e9cision d\u2019orientation est ind\u00e9pendante de la r\u00e9ussite au brevet.<\/p><p>Les familles ont aussi \u00e0\u00a0<strong>exprimer des v\u0153ux<\/strong>, c\u2019est-\u00e0-dire \u00e0 choisir :<\/p><ul><li>les\u00a0<strong>enseignements d\u2019exploration pour la seconde\u00a0<\/strong>g\u00e9n\u00e9rale et technologique<\/li><li>les\u00a0<strong>sp\u00e9cialit\u00e9s professionnelles et le lyc\u00e9e <\/strong>pour les secondes professionnelles et les premi\u00e8res ann\u00e9es de CAP. (plusieurs v\u0153ux sont possibles)<\/li><\/ul><p>Les v\u0153ux sont exprim\u00e9s aupr\u00e8s du chef d\u2019\u00e9tablissement. C\u2019est l\u2019inspecteur d\u2019acad\u00e9mie qui prononce ensuite l\u2019affectation de l\u2019\u00e9l\u00e8ve, en tenant compte des possibilit\u00e9s d\u2019accueil des lyc\u00e9es pour les v\u0153ux demand\u00e9s. Il s\u2019appuie sur une application informatis\u00e9e (AFFELNET) qui permet la prise en compte \u00e9quitable des v\u0153ux. AFFELNET attribue des points \u00e0 chaque demande. Plus on a de points, plus on a de chance d\u2019obtenir satisfaction. Le niveau scolaire de l\u2019\u00e9l\u00e8ve, la r\u00e9alisation d\u2019un mini stage et la venue \u00e0 la journ\u00e9e portes ouvertes entrent en compte dans le calcul des points.<\/p><p><strong>Apr\u00e8s un CAP ou un BEP :<\/strong><\/p><p>Titulaire d\u2019un\u00a0CAP\u00a0ou d\u2019un\u00a0BEP, l\u2019\u00e9l\u00e8ve peut demander \u00e0 acc\u00e9der \u00e0 une premi\u00e8re professionnelle pour pr\u00e9parer un baccalaur\u00e9at professionnel.<\/p><p>Le\u00a0conseil de classe donne un avis sur\u00a0les demandes. Si\u00a0le souhait est que l\u2019\u00e9l\u00e8ve\u00a0suive ce cycle dans un lyc\u00e9e public, les v\u0153ux s\u2019expriment aupr\u00e8s du chef d\u2019\u00e9tablissement. L\u2019affectation est ensuite prononc\u00e9e par l\u2019inspecteur d\u2019acad\u00e9mie, en fonction des places disponibles. Le professeur principal ou\u00a0le conseiller d\u2019orientation peuvent renseigner sur :<\/p><ul><li>les possibilit\u00e9s d\u2019\u00e9tudes existant dans\u00a0la sp\u00e9cialit\u00e9 de l\u2019\u00e9l\u00e8ve<\/li><li>les conditions d\u2019admission<\/li><\/ul><\/div>\n\t\t\t\t\t<\/div><div class=\"eael-accordion-list\">\n\t\t\t\t\t<div id=\"inscription-en-premire-et-terminale\" class=\"elementor-tab-title eael-accordion-header\" tabindex=\"0\" data-tab=\"4\" aria-controls=\"elementor-tab-content-1204\"><span class=\"eael-advanced-accordion-icon-closed\"><i aria-hidden=\"true\" class=\"fa-accordion-icon fas fa-plus\"><\/i><\/span><span class=\"eael-advanced-accordion-icon-opened\"><i aria-hidden=\"true\" class=\"fa-accordion-icon fas fa-minus\"><\/i><\/span><h2 class=\"eael-accordion-tab-title\">Inscription en premi\u00e8re et terminale<\/h2><i aria-hidden=\"true\" class=\"fa-toggle fas fa-angle-right\"><\/i><\/div><div id=\"elementor-tab-content-1204\" class=\"eael-accordion-content clearfix\" data-tab=\"4\" aria-labelledby=\"inscription-en-premire-et-terminale\"><p><strong>Le dossier est \u00e0 retirer aupr\u00e8s de la vie scolaire du lyc\u00e9e, apr\u00e8s les conseils de classe et peut \u00eatre rempli sur place<\/strong>\u00a0(se munir d\u2019un carnet de ch\u00e8que si adh\u00e9sion \u00e0 l\u2019association sportive et\/ou \u00e0 l\u2019association des lyc\u00e9ens et apprentis du lyc\u00e9e) . <strong>Un exemplaire a \u00e9galement \u00e9tait envoy\u00e9 \u00e0 chaque famille. <\/strong><\/p><p><span style=\"color: #ff0000\"><strong>Le dossier d&rsquo;inscription est \u00e0 remettre avant le 1er Juillet 2025<\/strong><\/span><\/p><p><strong><u>LISTE DES PIECES \u00c0 FOURNIR<\/u><\/strong><\/p><ul><li><strong><u>Vie scolaire<\/u><\/strong>:<ul><li><strong>L\u2019EXEAT<\/strong> remis par l\u2019\u00e9tablissement pr\u00e9c\u00e9dent (pour les secondes ou nouvel arrivant)<\/li><li>La photocopie d&rsquo;un justificatif d&rsquo;identit\u00e9 (<em>carte d\u2019identit\u00e9 ou passeport de l\u2019\u00e9l\u00e8ve<\/em>)<\/li><li>Une <strong>attestation d&rsquo;assurance<\/strong> pour votre enfant (<em>Responsabilit\u00e9 Civile<\/em>) \u00e0 demander \u00e0 votre assureur pour l\u2019ann\u00e9e scolaire en cours<\/li><li>Les photocopies des dipl\u00f4mes et autres attestations (<em>dispenses- MDPH- ASSR2-journ\u00e9e d\u2019appel- jugement mineur \u00e9mancip\u00e9\u2026<\/em>)<\/li><li>La d\u00e9claration de candidature des parents aux diff\u00e9rents conseils<\/li><li>Le coupon r\u00e9ponse \u00e0 la proposition d\u2019adh\u00e9sion \u00e0 l \u2019ALESA.<\/li><\/ul><\/li><\/ul><ul><li><strong><u>Dossier infirmerie<\/u> :<\/strong><\/li><\/ul><ul><li style=\"list-style-type: none\"><ul><li>La fiche sant\u00e9<\/li><li>La fiche d\u2019urgence (recto) et l\u2019autorisation de soins (verso) sign\u00e9es par le responsable<\/li><li>La photocopie de l&rsquo;attestation d&rsquo;immatriculation \u00e0 la S\u00e9curit\u00e9 Sociale ou MSA<\/li><li>Justificatif obligatoire des vaccinations \u00e0 jour (avec le nom de l\u2019\u00e9l\u00e8ve sur la copie)<\/li><li><strong>Pour les internes<\/strong>: la photocopie de la mutuelle<\/li><\/ul><\/li><\/ul><ul><li><b><u>Fournitures scolaires:<\/u><\/b><ul><li><a href=\"https:\/\/www.hdebalzac.fr\/wp-content\/uploads\/2025\/06\/LISTE-MATERIEL-SCIENCES-2025.pdf\"><span style=\"color: #0000ff\">Secondes g\u00e9n\u00e9rales et Professionnelle &#8211; mati\u00e8res scientifiques<\/span><\/a><\/li><\/ul><\/li><li style=\"list-style-type: none\">\u00a0<\/li><li><strong><strong><u>Intendance :\u00a0<\/u> <a href=\"https:\/\/www.hdebalzac.fr\/wp-content\/uploads\/2024\/06\/Intendance-2024.zip\" target=\"_blank\" rel=\"noopener\">\u00a0<\/a><\/strong><\/strong>\u00a0<strong><strong><br \/><\/strong><\/strong><ul><li>Dossier de bourses + Annexe 1<\/li><li>Engagement financier<\/li><li>L&rsquo;autorisation de pr\u00e9l\u00e8vement automatique, remplie et sign\u00e9e\u00a0+ 1 RIB<\/li><li>L\u2019IBAN (ex RIB)\u00a0<strong>du responsable l\u00e9gal,\u00a0<\/strong><em>m\u00eame si vous n\u2019avez pas opt\u00e9 pour le pr\u00e9l\u00e8vement automatique<\/em><\/li><\/ul><\/li><li>\u00a0<\/li><\/ul><p><strong><em>ENSEIGNEMENT OPTIONNEL \u201cHippologie-\u00e9quitation\u201d accessible aux \u00e9l\u00e8ves s\u2019inscrivant en premi\u00e8re et termibnale\u00a0 bac techno STAV.<\/em><\/strong><\/p><p>Les \u00e9l\u00e8ves de seconde peuvent souhaiter un changement d\u2019\u00e9tablissement pour suivre la voie envisag\u00e9e. Une proc\u00e9dure d\u2019affectation des \u00e9l\u00e8ves qui d\u00e9sirent acc\u00e9der aux s\u00e9ries technologiques du baccalaur\u00e9at ou au bac professionnel qu\u2019ils ne trouvent pas dans leur \u00e9tablissement est donc organis\u00e9e et repose sur l\u2019application informatis\u00e9e de gestion d\u00e9di\u00e9e \u201cAFFELNET\u201d.<\/p><p>La constitution d\u2019un dossier d\u2019affectation en premi\u00e8re concerne :<\/p><ul><li>tous les \u00e9l\u00e8ves de seconde g\u00e9n\u00e9rale et technologique demandant un changement d\u2019\u00e9tablissement pour acc\u00e9der \u00e0 une premi\u00e8re g\u00e9n\u00e9rale n\u2019existant pas dans leur \u00e9tablissement, ou \u00e0 une s\u00e9rie de premi\u00e8re technologique<\/li><li>tous les \u00e9l\u00e8ves de seconde g\u00e9n\u00e9rale et technologique souhaitant acc\u00e9der au titre des passerelles \u00e0 une premi\u00e8re professionnelle (un stage passerelle dans l\u2019\u00e9tablissement proposant la formation professionnelle souhait\u00e9e est fortement conseill\u00e9e pendant l\u2019ann\u00e9e de seconde \u2013 convention de stage \u00e0 \u00e9tablir entre les 2 \u00e9tablissements)<\/li><li>tous les \u00e9l\u00e8ves de seconde professionnelle, demandant un changement d\u2019\u00e9tablissement et\/ou sp\u00e9cialit\u00e9 de premi\u00e8re<\/li><li>tous les \u00e9l\u00e8ves de seconde professionnelle acc\u00e9dant au titre des passerelles \u00e0 une premi\u00e8re g\u00e9n\u00e9rale ou technologique<\/li><li>tous les \u00e9l\u00e8ves de CAP ou CAPA toutes sp\u00e9cialit\u00e9s<\/li><\/ul><p>Ce dossier est \u00e0 monter aupr\u00e8s de l\u2019\u00e9tablissement d\u2019origine de l\u2019\u00e9l\u00e8ve relativement t\u00f4t dans l\u2019ann\u00e9e. L\u2019\u00e9tablissement d\u2019origine guidera l\u2019\u00e9l\u00e8ve dans ces proc\u00e9dures.<\/p><\/div>\n\t\t\t\t\t<\/div><div class=\"eael-accordion-list\">\n\t\t\t\t\t<div id=\"inscription-en-bts-bioqualit\" class=\"elementor-tab-title eael-accordion-header\" tabindex=\"0\" data-tab=\"5\" aria-controls=\"elementor-tab-content-1205\"><span class=\"eael-advanced-accordion-icon-closed\"><i aria-hidden=\"true\" class=\"fa-accordion-icon fas fa-plus\"><\/i><\/span><span class=\"eael-advanced-accordion-icon-opened\"><i aria-hidden=\"true\" class=\"fa-accordion-icon fas fa-minus\"><\/i><\/span><h2 class=\"eael-accordion-tab-title\">Inscription en BTS Bioqualit\u00e9<\/h2><i aria-hidden=\"true\" class=\"fa-toggle fas fa-angle-right\"><\/i><\/div><div id=\"elementor-tab-content-1205\" class=\"eael-accordion-content clearfix\" data-tab=\"5\" aria-labelledby=\"inscription-en-bts-bioqualit\"><p>Documents \u00e0 t\u00e9l\u00e9charger, \u00e0 compl\u00e9ter et \u00e0 nous retourner par mail \u00e0 l&rsquo;adresse suivante : lpa.castelnau-le-lez@educagri.fr<\/p><ul><li><a href=\"https:\/\/www.hdebalzac.fr\/wp-content\/uploads\/2024\/06\/cerfa_10103-11-1-BTS-Bioqualite-10-06-2024.pdf\"><span style=\"text-decoration: underline;color: #0000ff\">Contrat d&rsquo;apprentissage\u00a0<\/span><\/a><\/li><li><span style=\"text-decoration: underline;color: #0000ff\"><a style=\"color: #0000ff;text-decoration: underline\" href=\"https:\/\/www.hdebalzac.fr\/wp-content\/uploads\/2022\/06\/Notice-contrat-dapprentissage.pdf\">Notice explicative pour la saisie du contrat d&rsquo;apprentissage<\/a><\/span><\/li><li><a href=\"https:\/\/www.hdebalzac.fr\/wp-content\/uploads\/2025\/06\/calendrier-2025-2026-BTS.pdf\" target=\"_blank\" rel=\"noopener\"><span style=\"text-decoration: underline;color: #0000ff\">Calendrier d&rsquo;alternance BTS<\/span><\/a><\/li><\/ul><\/div>\n\t\t\t\t\t<\/div><div class=\"eael-accordion-list\">\n\t\t\t\t\t<div id=\"inscription-en-cap-fleuriste\" class=\"elementor-tab-title eael-accordion-header\" tabindex=\"0\" data-tab=\"6\" aria-controls=\"elementor-tab-content-1206\"><span class=\"eael-advanced-accordion-icon-closed\"><i aria-hidden=\"true\" class=\"fa-accordion-icon fas fa-plus\"><\/i><\/span><span class=\"eael-advanced-accordion-icon-opened\"><i aria-hidden=\"true\" class=\"fa-accordion-icon fas fa-minus\"><\/i><\/span><h2 class=\"eael-accordion-tab-title\">Inscription en CAP Fleuriste<\/h2><i aria-hidden=\"true\" class=\"fa-toggle fas fa-angle-right\"><\/i><\/div><div id=\"elementor-tab-content-1206\" class=\"eael-accordion-content clearfix\" data-tab=\"6\" aria-labelledby=\"inscription-en-cap-fleuriste\"><p>Documents \u00e0 t\u00e9l\u00e9charger, \u00e0 compl\u00e9ter et \u00e0 nous retourner par mail \u00e0 l&rsquo;adresse suivante: lpa.castelnau-le-lez@educagri.fr<\/p><ul><li><span style=\"text-decoration: underline;color: #0000ff\"><a style=\"color: #0000ff;text-decoration: underline\" href=\"https:\/\/www.hdebalzac.fr\/wp-content\/uploads\/2024\/06\/cerfa_10103-11-1-CAP-Fleuriste-10-06-2024.pdf\">Contrat d&rsquo;apprentissage\u00a0<\/a><\/span><\/li><li><span style=\"text-decoration: underline;color: #0000ff\"><a style=\"color: #0000ff;text-decoration: underline\" href=\"https:\/\/www.hdebalzac.fr\/wp-content\/uploads\/2022\/06\/Notice-contrat-dapprentissage.pdf\">Notice explicative pour la saisie du contrat d&rsquo;apprentissage<\/a><\/span><\/li><li><span style=\"text-decoration: underline;color: #0000ff\"><a style=\"color: #0000ff;text-decoration: underline\" href=\"https:\/\/www.hdebalzac.fr\/wp-content\/uploads\/2025\/06\/calendrier-2025-2026-CAP.pdf\" target=\"_blank\" rel=\"noopener\">Calendrier d&rsquo;alternance CAP<\/a><\/span><\/li><\/ul><\/div>\n\t\t\t\t\t<\/div><\/div>\t\t\t\t<\/div>\n\t\t\t\t<\/div>\n\t\t\t\t\t<\/div>\n\t\t<\/div>\n\t\t\t\t\t<\/div>\n\t\t<\/section>\n\t\t\t\t<\/div>\n\t\t","protected":false},"excerpt":{"rendered":"<p>Formalit\u00e9s administratives Aides et r\u00e9glements Bourses nationales d\u2019\u00e9tude et Fonds Social Lyc\u00e9en (FSL) pour l\u2019enseignement secondaire Les \u00e9l\u00e8ves de notre \u00e9tablissement peuvent b\u00e9n\u00e9ficier de bourses nationales. Tous les \u00e9l\u00e8ves et [&hellip;]<\/p>\n","protected":false},"author":1,"featured_media":0,"parent":0,"menu_order":0,"comment_status":"closed","ping_status":"closed","template":"","meta":{"ocean_post_layout":"full-width","ocean_both_sidebars_style":"","ocean_both_sidebars_content_width":0,"ocean_both_sidebars_sidebars_width":0,"ocean_sidebar":"0","ocean_second_sidebar":"0","ocean_disable_margins":"enable","ocean_add_body_class":"","ocean_shortcode_before_top_bar":"","ocean_shortcode_after_top_bar":"","ocean_shortcode_before_header":"","ocean_shortcode_after_header":"","ocean_has_shortcode":"","ocean_shortcode_after_title":"","ocean_shortcode_before_footer_widgets":"","ocean_shortcode_after_footer_widgets":"","ocean_shortcode_before_footer_bottom":"","ocean_shortcode_after_footer_bottom":"","ocean_display_top_bar":"default","ocean_display_header":"default","ocean_header_style":"","ocean_center_header_left_menu":"0","ocean_custom_header_template":"0","ocean_custom_logo":0,"ocean_custom_retina_logo":0,"ocean_custom_logo_max_width":0,"ocean_custom_logo_tablet_max_width":0,"ocean_custom_logo_mobile_max_width":0,"ocean_custom_logo_max_height":0,"ocean_custom_logo_tablet_max_height":0,"ocean_custom_logo_mobile_max_height":0,"ocean_header_custom_menu":"0","ocean_menu_typo_font_family":"0","ocean_menu_typo_font_subset":"","ocean_menu_typo_font_size":0,"ocean_menu_typo_font_size_tablet":0,"ocean_menu_typo_font_size_mobile":0,"ocean_menu_typo_font_size_unit":"px","ocean_menu_typo_font_weight":"","ocean_menu_typo_font_weight_tablet":"","ocean_menu_typo_font_weight_mobile":"","ocean_menu_typo_transform":"","ocean_menu_typo_transform_tablet":"","ocean_menu_typo_transform_mobile":"","ocean_menu_typo_line_height":0,"ocean_menu_typo_line_height_tablet":0,"ocean_menu_typo_line_height_mobile":0,"ocean_menu_typo_line_height_unit":"","ocean_menu_typo_spacing":0,"ocean_menu_typo_spacing_tablet":0,"ocean_menu_typo_spacing_mobile":0,"ocean_menu_typo_spacing_unit":"","ocean_menu_link_color":"","ocean_menu_link_color_hover":"","ocean_menu_link_color_active":"","ocean_menu_link_background":"","ocean_menu_link_hover_background":"","ocean_menu_link_active_background":"","ocean_menu_social_links_bg":"","ocean_menu_social_hover_links_bg":"","ocean_menu_social_links_color":"","ocean_menu_social_hover_links_color":"","ocean_disable_title":"on","ocean_disable_heading":"default","ocean_post_title":"","ocean_post_subheading":"","ocean_post_title_style":"","ocean_post_title_background_color":"","ocean_post_title_background":0,"ocean_post_title_bg_image_position":"","ocean_post_title_bg_image_attachment":"","ocean_post_title_bg_image_repeat":"","ocean_post_title_bg_image_size":"","ocean_post_title_height":0,"ocean_post_title_bg_overlay":0.5,"ocean_post_title_bg_overlay_color":"","ocean_disable_breadcrumbs":"off","ocean_breadcrumbs_color":"","ocean_breadcrumbs_separator_color":"","ocean_breadcrumbs_links_color":"","ocean_breadcrumbs_links_hover_color":"","ocean_display_footer_widgets":"default","ocean_display_footer_bottom":"default","ocean_custom_footer_template":"0","omw_enable_modal_window":"enable","footnotes":""},"class_list":["post-1686","page","type-page","status-publish","hentry","entry"],"publishpress_future_action":{"enabled":false,"date":"2026-05-09 12:12:56","action":"change-status","newStatus":"draft","terms":[],"taxonomy":"pp_notify_user","extraData":[]},"publishpress_future_workflow_manual_trigger":{"enabledWorkflows":[]},"_links":{"self":[{"href":"https:\/\/www.hdebalzac.fr\/index.php\/wp-json\/wp\/v2\/pages\/1686","targetHints":{"allow":["GET"]}}],"collection":[{"href":"https:\/\/www.hdebalzac.fr\/index.php\/wp-json\/wp\/v2\/pages"}],"about":[{"href":"https:\/\/www.hdebalzac.fr\/index.php\/wp-json\/wp\/v2\/types\/page"}],"author":[{"embeddable":true,"href":"https:\/\/www.hdebalzac.fr\/index.php\/wp-json\/wp\/v2\/users\/1"}],"replies":[{"embeddable":true,"href":"https:\/\/www.hdebalzac.fr\/index.php\/wp-json\/wp\/v2\/comments?post=1686"}],"version-history":[{"count":805,"href":"https:\/\/www.hdebalzac.fr\/index.php\/wp-json\/wp\/v2\/pages\/1686\/revisions"}],"predecessor-version":[{"id":10604,"href":"https:\/\/www.hdebalzac.fr\/index.php\/wp-json\/wp\/v2\/pages\/1686\/revisions\/10604"}],"wp:attachment":[{"href":"https:\/\/www.hdebalzac.fr\/index.php\/wp-json\/wp\/v2\/media?parent=1686"}],"curies":[{"name":"wp","href":"https:\/\/api.w.org\/{rel}","templated":true}]}}